{"id":73619,"date":"2024-12-04T12:27:37","date_gmt":"2024-12-04T11:27:37","guid":{"rendered":"https:\/\/wwwtest.ginesta.ch\/kaufen\/acquistare-una-proprieta-di-lusso-a-st-moritz-scopri-di-piu\/"},"modified":"2025-10-29T16:51:13","modified_gmt":"2025-10-29T15:51:13","slug":"acquistare-una-proprieta-di-lusso-a-st-moritz-scopri-di-piu","status":"publish","type":"kaufen","link":"https:\/\/www.ginesta.ch\/it-ch\/kaufen\/acquistare-una-proprieta-di-lusso-a-st-moritz-scopri-di-piu\/","title":{"rendered":"Acquistare una propriet\u00e0 di lusso a St Moritz &#8211; Scopri di pi\u00f9!"},"content":{"rendered":"<div class=\"dhsv-breadcrumb-block alignwide\">\n            <nav aria-label=\"breadcrumbs\" class=\"rank-math-breadcrumb\"><p><span class=\"last\">Home page<\/span><\/p><\/nav>\n    <\/div>\n\n<h1 class=\"wp-block-heading alignwide\">St Moritz: acquista una villa nella perfezione alpina<\/h1>\n\n<div style=\"height:var(--wp--preset--spacing--small)\" aria-hidden=\"true\" class=\"wp-block-spacer\"><\/div>\n<div class=\"dhsv-heroimage-with-content-block alignwide\">\n            <div class=\"bg-image\">\n            <img decoding=\"async\" src=\"https:\/\/www.ginesta.ch\/wp-content\/uploads\/7500_wohnung-kaufen-st-moritz-villa-kaufen-scaled.jpg\" alt=\"Exklusive Villa kaufen in St. Moritz, umgeben von Schweizer Alpenlandschaft.\" title=\"\">\n        <\/div>\n        <div class=\"is-root-container\">\n        <div class=\"contentbox\">\n            \n\n<h2 class=\"wp-block-heading\">Moritz<\/h2>\n\n\n\n<h3 class=\"wp-block-heading\">Appartamento di lusso in vendita a St Moritz &#8211; Vivere in prima classe nel cuore delle Alpi<\/h3>\n\n\n\n<div style=\"height:var(--wp--preset--spacing--small)\" aria-hidden=\"true\" class=\"wp-block-spacer\"><\/div>\n\n\n\n<h3 class=\"wp-block-heading\">Posizione<\/h3>\n\n\n\n<p>St. Moritz \u00e8 nota per la sua posizione pittoresca nelle Alpi svizzere. I prezzi di acquisto degli immobili pi\u00f9 alti riflettono l&#8217;esclusivit\u00e0 della localit\u00e0. Questo conferma la costante domanda di immobili di lusso nella regione, supportata da un paesaggio mozzafiato e da eccellenti strutture per il tempo libero. Se stai cercando di acquistare una villa, la casa dei tuoi sogni o un appartamento per le vacanze, qui lo troverai. Il comune combina la tranquillit\u00e0 della natura con uno stile di vita prestigioso e rimane una calamita per chi cerca il meglio. Il luogo offre una simbiosi perfetta tra una bellezza ineguagliabile e infrastrutture di prima classe che non lasciano nulla a desiderare.     <\/p>\n\n\n        <\/div>\n    <\/div>\n    <\/div>\n\n<div style=\"height:var(--wp--preset--spacing--medium)\" aria-hidden=\"true\" class=\"wp-block-spacer\"><\/div>\n\n<div class=\"wp-block-group alignfull has-light-gray-gradient-background has-background is-layout-constrained wp-block-group-is-layout-constrained\">\n<div class=\"wp-block-columns alignwide is-layout-flex wp-container-core-columns-is-layout-9d6595d7 wp-block-columns-is-layout-flex\">\n<div class=\"wp-block-column is-layout-flow wp-block-column-is-layout-flow\" style=\"flex-basis:100%\"><div class=\"dhsv-facts-block alignnone\">\n    <p>Popolazione<\/p>\n    <div class=\"facts\">\n                    <div class=\"fact\">\n                <span>Abitanti<\/span>\n                <span>\u00a04.926<\/span>\n            <\/div>\n                    <div class=\"fact\">\n                <span>Tasso di crescita annuale<\/span>\n                <span>0,9%<\/span>\n            <\/div>\n                    <div class=\"fact\">\n                <span>Percentuale di stranieri<\/span>\n                <span>43%<\/span>\n            <\/div>\n            <\/div>\n<\/div>\n<\/div>\n\n\n\n<div class=\"wp-block-column is-layout-flow wp-block-column-is-layout-flow\" style=\"flex-basis:100%\"><div class=\"dhsv-facts-block alignnone\">\n    <p>Quota dei tipi di appartamento<\/p>\n    <div class=\"facts\">\n                    <div class=\"fact\">\n                <span>Appartamenti in affitto<\/span>\n                <span>44,8%<\/span>\n            <\/div>\n                    <div class=\"fact\">\n                <span>Condomini<\/span>\n                <span>51%<\/span>\n            <\/div>\n                    <div class=\"fact\">\n                <span>Case indipendenti<\/span>\n                <span>4,2%<\/span>\n            <\/div>\n            <\/div>\n<\/div>\n<\/div>\n\n\n\n<div class=\"wp-block-column is-layout-flow wp-block-column-is-layout-flow\" style=\"flex-basis:100%\"><div class=\"dhsv-facts-block alignnone\">\n    <p>Mercato immobiliare<\/p>\n    <div class=\"facts\">\n                    <div class=\"fact\">\n                <span>Condomini<\/span>\n                <span>\u00a05.551<\/span>\n            <\/div>\n                    <div class=\"fact\">\n                <span>Case indipendenti<\/span>\n                <span>243<\/span>\n            <\/div>\n                    <div class=\"fact\">\n                <span>Totale azioni<\/span>\n                <span>5.794<\/span>\n            <\/div>\n            <\/div>\n<\/div>\n<\/div>\n\n\n\n<div class=\"wp-block-column is-layout-flow wp-block-column-is-layout-flow\" style=\"flex-basis:100%\"><div class=\"dhsv-facts-block alignnone\">\n    <p>Nuovi edifici<\/p>\n    <div class=\"facts\">\n                    <div class=\"fact\">\n                <span>Appartamenti<\/span>\n                <span>19<\/span>\n            <\/div>\n                    <div class=\"fact\">\n                <span>Case indipendenti<\/span>\n                <span>0<\/span>\n            <\/div>\n            <\/div>\n<\/div>\n<\/div>\n<\/div>\n<\/div>\n<div class=\"dhsv-cta-block alignwide with-bg has-taupe-background-color icon medium\">\n    <div class=\"inner has-background text-left\">\n        <div class=\"content\">\n            \n\n<h3 class=\"wp-block-heading\">Crea ora il tuo profilo di ricerca personale<\/h3>\n\n\n\n<p>Ricevi tutti gli immobili in esclusiva o almeno una settimana prima dell&#8217;inizio della commercializzazione.<\/p>\n\n\n<div class=\"dhsv-buttons horizontal is-layout-flex wp-block-dhsv-buttons-is-layout-flex\" data-align=\"wide\" style=\"display: flex; flex-wrap: wrap; --button-width: unset; flex-direction: row; justify-content: left\">\n\t\n<div class=\"dhsv-button-wrapper  alignleft\">\n                    <a class=\"dhsv-button \" href=\"https:\/\/www.ginesta.ch\/it-ch\/registrazione\/\" data-type=\"primary\">\n                <div class=\"button-text\">\n                    <span class=\"text\">Registrati ora<\/span>\n                                            <svg class=\"dhsv-icon\" width=\"16\" height=\"16\" viewBox=\"0 0 16 16\" fill=\"none\" xmlns=\"http:\/\/www.w3.org\/2000\/svg\">\n<g clip-path=\"url(#clip0_3256_31370)\">\n<path d=\"M1 8H15M15 8L8 1M15 8L8 15\" stroke=\"var(--icon-base)\" stroke-linecap=\"round\" stroke-linejoin=\"round\"\/>\n<\/g>\n<defs>\n<clipPath id=\"clip0_3256_31370\">\n<rect width=\"16\" height=\"16\" fill=\"white\"\/>\n<\/clipPath>\n<\/defs>\n<\/svg>                                    <\/div>\n            <\/a>\n            <\/div>\n\n\n<\/div>\n\n\n        <\/div>\n                    <div class=\"icon-wrapper\">\n                <div class=\"icon\">\n                    <svg class=\"dhsv-icon\" width=\"114\" height=\"114\" viewBox=\"0 0 114 114\" fill=\"none\" xmlns=\"http:\/\/www.w3.org\/2000\/svg\">\n  <path id=\"path285\" d=\"M110.93 92.9531V48.0116L57 3.07032L3.07031 48.0116V110.93H56.9104\" stroke=\"var(--icon-base)\" stroke-width=\"5\" stroke-miterlimit=\"10\" stroke-linecap=\"round\" stroke-linejoin=\"round\"\/>\n  <path id=\"path289\" d=\"M79.379 70.4122C79.379 82.8224 69.3186 92.8828 56.9084 92.8828C44.4981 92.8828 34.4375 82.8224 34.4375 70.4122C34.4375 58.002 44.4981 47.9416 56.9084 47.9416C69.3186 47.9416 79.379 58.002 79.379 70.4122Z\" stroke=\"var(--icon-base)\" stroke-width=\"5\" stroke-miterlimit=\"10\" stroke-linecap=\"round\" stroke-linejoin=\"round\"\/>\n  <path id=\"path293\" d=\"M70.3906 88.3923L92.928 110.93\" stroke=\"var(--icon-base)\" stroke-width=\"5\" stroke-miterlimit=\"10\" stroke-linecap=\"round\" stroke-linejoin=\"round\"\/>\n<\/svg>                <\/div>\n            <\/div>\n                    <\/div>\n<\/div>\n\n<div style=\"height:var(--wp--preset--spacing--medium)\" aria-hidden=\"true\" class=\"wp-block-spacer\"><\/div>\n\n<div class=\"wp-block-group alignfull is-layout-constrained wp-block-group-is-layout-constrained\">\n<div class=\"wp-block-columns is-layout-flex wp-container-core-columns-is-layout-9d6595d7 wp-block-columns-is-layout-flex\">\n<div class=\"wp-block-column is-layout-flow wp-block-column-is-layout-flow\" style=\"flex-basis:100%\">\n<h2 class=\"wp-block-heading alignwide\">Tutto ci\u00f2 di cui hai bisogno per la vita di tutti i giorni.<\/h2>\n\n\n<div class=\"dhsv-akkordeon \" data-props=\"{\n    &quot;background&quot;: &quot;gray-10&quot;,\n    &quot;onlyOne&quot;: true,\n    &quot;openFirstItem&quot;: true,\n    &quot;align&quot;: &quot;wide&quot;,\n    &quot;selected&quot;: -1,\n    &quot;hasAllOpenButton&quot;: false,\n    &quot;isNonExpanding&quot;: false,\n    &quot;fontSize&quot;: &quot;h4&quot;\n}\">\n        <div class=\"dhsv-akkordeon--inner gray-10 font-size-h4\">\n       <div>\n           \n<div class=\"dhsv-akkordeon--item\" aria-expanded=\"false\">\n    <button class=\"item-header\">\n        <div class=\"icon-title\">\n                            <div class=\"icon\">\n                    <svg class=\"dhsv-icon\" width=\"34\" height=\"34\" viewBox=\"0 0 34 34\" fill=\"none\" xmlns=\"http:\/\/www.w3.org\/2000\/svg\">\n<path d=\"M33 16.7288V33H1V16.7288H6.42373L17 5.88135L27.5763 16.7288H33Z\" stroke=\"var(--icon-base)\" stroke-width=\"2\" stroke-miterlimit=\"10\" stroke-linecap=\"round\" stroke-linejoin=\"round\"\/>\n<path d=\"M6.42373 16.7289H1V14.017C3.1181 11.8989 4.30563 10.7114 6.42373 8.59326H14.2881\" stroke=\"var(--icon-base)\" stroke-width=\"2\" stroke-miterlimit=\"10\" stroke-linecap=\"round\" stroke-linejoin=\"round\"\/>\n<path d=\"M19.707 8.59326H27.5714C29.6895 10.7114 30.8771 11.8989 32.9952 14.017V16.7289H27.5714\" stroke=\"var(--icon-base)\" stroke-width=\"2\" stroke-miterlimit=\"10\" stroke-linecap=\"round\" stroke-linejoin=\"round\"\/>\n<path d=\"M17.0009 19.4408C18.4986 19.4408 19.7128 18.2267 19.7128 16.729C19.7128 15.2312 18.4986 14.0171 17.0009 14.0171C15.5032 14.0171 14.2891 15.2312 14.2891 16.729C14.2891 18.2267 15.5032 19.4408 17.0009 19.4408Z\" stroke=\"var(--icon-base)\" stroke-width=\"2\" stroke-miterlimit=\"10\" stroke-linecap=\"round\" stroke-linejoin=\"round\"\/>\n<path d=\"M14.2891 33.0003V24.8647H19.7128V33.0003\" stroke=\"var(--icon-base)\" stroke-width=\"2\" stroke-miterlimit=\"10\" stroke-linecap=\"round\" stroke-linejoin=\"round\"\/>\n<path d=\"M9.13374 27.5757H6.42188\" stroke=\"var(--icon-base)\" stroke-width=\"2\" stroke-miterlimit=\"10\" stroke-linecap=\"round\" stroke-linejoin=\"round\"\/>\n<path d=\"M9.13374 22.1528H6.42188\" stroke=\"var(--icon-base)\" stroke-width=\"2\" stroke-miterlimit=\"10\" stroke-linecap=\"round\" stroke-linejoin=\"round\"\/>\n<path d=\"M27.5751 22.1528H24.8633\" stroke=\"var(--icon-base)\" stroke-width=\"2\" stroke-miterlimit=\"10\" stroke-linecap=\"round\" stroke-linejoin=\"round\"\/>\n<path d=\"M27.5751 27.5757H24.8633\" stroke=\"var(--icon-base)\" stroke-width=\"2\" stroke-miterlimit=\"10\" stroke-linecap=\"round\" stroke-linejoin=\"round\"\/>\n<path d=\"M17 5.88136V1H19.7119\" stroke=\"var(--icon-base)\" stroke-width=\"2\" stroke-miterlimit=\"10\" stroke-linecap=\"round\" stroke-linejoin=\"round\"\/>\n<\/svg>                <\/div>\n                        <p>Scuole<\/p>\n        <\/div>\n        <div class=\"akkordeon-arrow\">\n            <svg class=\"dhsv-icon\" width=\"11\" height=\"20\" viewBox=\"0 0 11 20\" fill=\"none\" xmlns=\"http:\/\/www.w3.org\/2000\/svg\">\n<g id=\"Arrow default\">\n<path id=\"Vector 7\" d=\"M1 1L9.81633 9.62041L1 18.6327\" stroke=\"var(--icon-base, #575757)\" stroke-width=\"1.25\" stroke-linecap=\"round\" stroke-linejoin=\"round\"\/>\n<\/g>\n<\/svg>        <\/div>\n    <\/button>\n    <div class=\"dhsv-akkordeon--item__body \" style=\"height: 0\">\n        <div>\n            \n\n<div class=\"wp-block-group is-layout-constrained wp-block-group-is-layout-constrained\">\n<p>La regione offre scuole rinomate come il Lyceum Alpinum di Zuoz e moderni asili nido. Le opzioni di alta qualit\u00e0 per ogni fascia d&#8217;et\u00e0 della zona riflettono la qualit\u00e0 e gli standard della regione e garantiscono un&#8217;assistenza eccellente. Le opzioni spaziano da programmi riconosciuti a livello internazionale a servizi specializzati per la prima infanzia. Le famiglie troveranno l&#8217;ambiente ideale per combinare l&#8217;istruzione con uno standard di vita eccezionale.   <\/p>\n<\/div>\n\n\n        <\/div>\n    <\/div>\n<\/div>\n\n\n<div class=\"dhsv-akkordeon--item\" aria-expanded=\"false\">\n    <button class=\"item-header\">\n        <div class=\"icon-title\">\n                            <div class=\"icon\">\n                    <svg class=\"dhsv-icon\" width=\"32\" height=\"34\" viewBox=\"0 0 32 34\" fill=\"none\" xmlns=\"http:\/\/www.w3.org\/2000\/svg\">\n<path d=\"M22.0828 23.8105C22.5342 23.8105 22.9001 23.4447 22.9001 22.9933C22.9001 22.542 22.5342 22.1761 22.0828 22.1761C21.6315 22.1761 21.2656 22.542 21.2656 22.9933C21.2656 23.4447 21.6315 23.8105 22.0828 23.8105Z\" stroke=\"var(--icon-base)\" stroke-width=\"2\"\/>\n<path d=\"M11.0321 23.8105C11.4834 23.8105 11.8493 23.4447 11.8493 22.9933C11.8493 22.542 11.4834 22.1761 11.0321 22.1761C10.5807 22.1761 10.2148 22.542 10.2148 22.9933C10.2148 23.4447 10.5807 23.8105 11.0321 23.8105Z\" stroke=\"var(--icon-base)\" stroke-width=\"2\"\/>\n<path d=\"M28.6978 23.0267L26.7852 7.72578C26.5484 5.83121 24.9378 4.40949 23.0285 4.40949H9.6991C7.78978 4.40949 6.17928 5.83121 5.94246 7.72578L4.0298 23.0267C3.74733 25.2863 5.50931 27.2822 7.78651 27.2822H24.9411C27.2183 27.2822 28.9803 25.2863 28.6978 23.0267Z\" stroke=\"var(--icon-base)\" stroke-width=\"2\" stroke-miterlimit=\"10\" stroke-linecap=\"round\" stroke-linejoin=\"round\"\/>\n<path d=\"M9.38672 1L23.2414 1\" stroke=\"var(--icon-base)\" stroke-width=\"2\" stroke-miterlimit=\"10\" stroke-linecap=\"round\" stroke-linejoin=\"round\"\/>\n<path d=\"M16.3633 4.40918L16.3152 1.76962\" stroke=\"var(--icon-base)\" stroke-width=\"2\" stroke-miterlimit=\"10\" stroke-linecap=\"round\" stroke-linejoin=\"round\"\/>\n<path d=\"M4.92969 33L7.78876 27.2818\" stroke=\"var(--icon-base)\" stroke-width=\"2\" stroke-miterlimit=\"10\" stroke-linecap=\"round\" stroke-linejoin=\"round\"\/>\n<path d=\"M27.8005 33L24.9414 27.2818\" stroke=\"var(--icon-base)\" stroke-width=\"2\" stroke-miterlimit=\"10\" stroke-linecap=\"round\" stroke-linejoin=\"round\"\/>\n<path d=\"M4.57031 18.7041H28.1579\" stroke=\"var(--icon-base)\" stroke-width=\"2\" stroke-miterlimit=\"10\" stroke-linecap=\"round\" stroke-linejoin=\"round\"\/>\n<\/svg>                <\/div>\n                        <p>Trasporto pubblico<\/p>\n        <\/div>\n        <div class=\"akkordeon-arrow\">\n            <svg class=\"dhsv-icon\" width=\"11\" height=\"20\" viewBox=\"0 0 11 20\" fill=\"none\" xmlns=\"http:\/\/www.w3.org\/2000\/svg\">\n<g id=\"Arrow default\">\n<path id=\"Vector 7\" d=\"M1 1L9.81633 9.62041L1 18.6327\" stroke=\"var(--icon-base, #575757)\" stroke-width=\"1.25\" stroke-linecap=\"round\" stroke-linejoin=\"round\"\/>\n<\/g>\n<\/svg>        <\/div>\n    <\/button>\n    <div class=\"dhsv-akkordeon--item__body \" style=\"height: 0\">\n        <div>\n            \n\n<div class=\"wp-block-group is-layout-constrained wp-block-group-is-layout-constrained\">\n<p>Il villaggio \u00e8 ben collegato alla rete ferroviaria svizzera tramite la stazione ferroviaria, mentre il vicino aeroporto di Samedan facilita l&#8217;accesso ai voli privati e internazionali. I collegamenti stradali con Zurigo o Milano garantiscono la comodit\u00e0 per viaggiatori e investitori. La mobilit\u00e0 senza soluzione di continuit\u00e0 rende facile raggiungere St. Moritz da qualsiasi parte d&#8217;Europa e non solo. Questi eccellenti collegamenti completano la reputazione della citt\u00e0 come luogo esclusivo in cui vivere e investire. Che sia per affari o per piacere, la localit\u00e0 offre un&#8217;accessibilit\u00e0 senza pari ai suoi residenti.    <\/p>\n<\/div>\n\n\n        <\/div>\n    <\/div>\n<\/div>\n\n\n<div class=\"dhsv-akkordeon--item\" aria-expanded=\"false\">\n    <button class=\"item-header\">\n        <div class=\"icon-title\">\n                            <div class=\"icon\">\n                    <svg class=\"dhsv-icon\" width=\"32\" height=\"34\" viewBox=\"0 0 32 34\" fill=\"none\" xmlns=\"http:\/\/www.w3.org\/2000\/svg\">\n<path d=\"M20.6121 32.3749H5.31091C3.74341 32.3749 2.47266 31.1041 2.47266 29.5366V8.69629H23.4503V15.3528\" stroke=\"var(--icon-base)\" stroke-width=\"2\" stroke-miterlimit=\"10\" stroke-linecap=\"round\" stroke-linejoin=\"round\"\/>\n<path d=\"M8 12.9999V6.65999C8 3.53409 10.2386 1 13 1C15.7614 1 18 3.53402 18 6.65999V13\" stroke=\"var(--icon-base)\" stroke-width=\"2\" stroke-miterlimit=\"10\" stroke-linecap=\"round\" stroke-linejoin=\"round\"\/>\n<path d=\"M27.4963 32.3749H16.5368C15.4141 32.3749 14.5039 31.4647 14.5039 30.342V15.415H29.5292V30.342C29.5293 31.4647 28.6191 32.3749 27.4963 32.3749Z\" stroke=\"var(--icon-base)\" stroke-width=\"2\" stroke-miterlimit=\"10\" stroke-linecap=\"round\" stroke-linejoin=\"round\"\/>\n<path d=\"M24.9131 18.9648V21.1205C24.9131 22.7198 23.6165 24.0165 22.0171 24.0165C20.4177 24.0165 19.1211 22.7199 19.1211 21.1205V18.9648\" stroke=\"var(--icon-base)\" stroke-width=\"2\" stroke-miterlimit=\"10\" stroke-linecap=\"round\" stroke-linejoin=\"round\"\/>\n<\/svg>                <\/div>\n                        <p>Acquisti<\/p>\n        <\/div>\n        <div class=\"akkordeon-arrow\">\n            <svg class=\"dhsv-icon\" width=\"11\" height=\"20\" viewBox=\"0 0 11 20\" fill=\"none\" xmlns=\"http:\/\/www.w3.org\/2000\/svg\">\n<g id=\"Arrow default\">\n<path id=\"Vector 7\" d=\"M1 1L9.81633 9.62041L1 18.6327\" stroke=\"var(--icon-base, #575757)\" stroke-width=\"1.25\" stroke-linecap=\"round\" stroke-linejoin=\"round\"\/>\n<\/g>\n<\/svg>        <\/div>\n    <\/button>\n    <div class=\"dhsv-akkordeon--item__body \" style=\"height: 0\">\n        <div>\n            \n\n<div class=\"wp-block-group is-layout-constrained wp-block-group-is-layout-constrained\">\n<p>Dalle boutique di design di Via Serlas ai mercati locali, la citt\u00e0 offre un&#8217;esperienza di shopping eccezionale. Negozi gourmet e supermercati di alta qualit\u00e0 completano l&#8217;offerta. La combinazione di stile internazionale e fascino regionale rende lo shopping qui un&#8217;esperienza. Oltre ai marchi esclusivi, sono disponibili anche prelibatezze locali e prodotti artigianali, che rendono ogni visita qualcosa di speciale. Questa variet\u00e0 sottolinea l&#8217;esclusivit\u00e0 e l&#8217;elevato standard di vita della regione.    <\/p>\n<\/div>\n\n\n        <\/div>\n    <\/div>\n<\/div>\n\n\n<div class=\"dhsv-akkordeon--item\" aria-expanded=\"false\">\n    <button class=\"item-header\">\n        <div class=\"icon-title\">\n                            <div class=\"icon\">\n                    <svg class=\"dhsv-icon\" width=\"32\" height=\"32\" viewBox=\"0 0 32 32\" fill=\"none\" xmlns=\"http:\/\/www.w3.org\/2000\/svg\">\n<g clip-path=\"url(#clip0_266_1689)\">\n<path d=\"M4.44531 9.67383L8.97762 7.05695\" stroke=\"var(--icon-base)\" stroke-width=\"2\" stroke-miterlimit=\"10\" stroke-linecap=\"round\" stroke-linejoin=\"round\"\/>\n<path d=\"M5.89062 13.4766L11.5461 10.2116\" stroke=\"var(--icon-base)\" stroke-width=\"2\" stroke-miterlimit=\"10\" stroke-linecap=\"round\" stroke-linejoin=\"round\"\/>\n<path d=\"M23.0234 8.61359L27.5557 11.2305\" stroke=\"var(--icon-base)\" stroke-width=\"2\" stroke-miterlimit=\"10\" stroke-linecap=\"round\" stroke-linejoin=\"round\"\/>\n<path d=\"M20.4531 11.7676L26.1086 15.0332\" stroke=\"var(--icon-base)\" stroke-width=\"2\" stroke-miterlimit=\"10\" stroke-linecap=\"round\" stroke-linejoin=\"round\"\/>\n<path d=\"M10.918 22.4912C10.918 22.526 10.9457 22.5537 10.9805 22.5537C11.0153 22.5537 11.043 22.526 11.043 22.4912C11.043 22.4564 11.0153 22.4287 10.9805 22.4287C10.9457 22.4287 10.918 22.4564 10.918 22.4912Z\" fill=\"var(--icon-base)\" stroke=\"var(--icon-base)\" stroke-width=\"2\"\/>\n<path d=\"M8.91016 19.0127C8.91016 19.0475 8.93787 19.0752 8.97266 19.0752C9.00744 19.0752 9.03516 19.0475 9.03516 19.0127C9.03516 18.9779 9.00744 18.9502 8.97266 18.9502C8.93787 18.9502 8.91016 18.9779 8.91016 19.0127Z\" fill=\"var(--icon-base)\" stroke=\"var(--icon-base)\" stroke-width=\"2\"\/>\n<path d=\"M6.89844 22.4912C6.89844 22.526 6.92615 22.5537 6.96094 22.5537C6.99572 22.5537 7.02344 22.526 7.02344 22.4912C7.02344 22.4564 6.99572 22.4287 6.96094 22.4287C6.92615 22.4287 6.89844 22.4564 6.89844 22.4912Z\" fill=\"var(--icon-base)\" stroke=\"var(--icon-base)\" stroke-width=\"2\"\/>\n<path d=\"M5.73498 15.6752C5.91973 13.9289 6.09954 12.3258 5.29067 10.925C3.78442 8.31616 2.91479 8.81822 1.40854 6.20941C0.438481 4.52941 1.01492 2.37847 2.69486 1.40847C4.37486 0.438474 6.52629 1.01485 7.49579 2.69479C9.00204 5.30366 8.13242 5.80572 9.63867 8.41454C11.0696 10.8928 14.5942 11.0088 17.2095 13.3118C15.8484 13.9806 14.4974 14.8427 13.4685 16.3735C12.1847 15.5039 10.6368 14.9958 8.97092 14.9958C7.82011 14.9958 6.72511 15.2383 5.73498 15.6752Z\" stroke=\"var(--icon-base)\" stroke-width=\"2\" stroke-miterlimit=\"10\" stroke-linecap=\"round\" stroke-linejoin=\"round\"\/>\n<path d=\"M8.97081 14.9959C13.4047 14.9959 17.0041 18.5953 17.0041 23.0292C17.0041 27.4631 13.4047 31.0625 8.97081 31.0625C4.53694 31.0625 0.9375 27.4631 0.9375 23.0292C0.9375 18.5953 4.53694 14.9959 8.97081 14.9959Z\" stroke=\"var(--icon-base)\" stroke-width=\"2\" stroke-miterlimit=\"10\" stroke-linecap=\"round\" stroke-linejoin=\"round\"\/>\n<path d=\"M23.4627 6.96556C23.6143 6.2345 23.7981 5.47488 24.5045 4.25181C25.4741 2.57181 27.6254 1.99544 29.3054 2.96494C30.9854 3.935 31.5618 6.08644 30.5918 7.76638C29.0855 10.3752 28.2159 9.87313 26.7097 12.4819C24.9524 15.5256 27.8614 19.5241 25.3511 23.8721C22.8406 28.2207 17.7214 31.0625 17.7214 31.0625L14.2666 29.0677C15.9445 27.5951 17.0044 25.4351 17.0044 23.0292C17.0044 20.2612 15.6016 17.8186 13.4688 16.3736C16.051 12.5291 20.6701 12.9012 22.3616 9.97156C23.0676 8.74844 23.2518 7.98831 23.4029 7.25775L23.4627 6.96556Z\" stroke=\"var(--icon-base)\" stroke-width=\"2\" stroke-miterlimit=\"10\" stroke-linecap=\"round\" stroke-linejoin=\"round\"\/>\n<\/g>\n<defs>\n<clipPath id=\"clip0_266_1689\">\n<rect width=\"32\" height=\"32\" fill=\"white\"\/>\n<\/clipPath>\n<\/defs>\n<\/svg>                <\/div>\n                        <p>Tempo libero<\/p>\n        <\/div>\n        <div class=\"akkordeon-arrow\">\n            <svg class=\"dhsv-icon\" width=\"11\" height=\"20\" viewBox=\"0 0 11 20\" fill=\"none\" xmlns=\"http:\/\/www.w3.org\/2000\/svg\">\n<g id=\"Arrow default\">\n<path id=\"Vector 7\" d=\"M1 1L9.81633 9.62041L1 18.6327\" stroke=\"var(--icon-base, #575757)\" stroke-width=\"1.25\" stroke-linecap=\"round\" stroke-linejoin=\"round\"\/>\n<\/g>\n<\/svg>        <\/div>\n    <\/button>\n    <div class=\"dhsv-akkordeon--item__body \" style=\"height: 0\">\n        <div>\n            \n\n<div class=\"wp-block-group is-layout-constrained wp-block-group-is-layout-constrained\">\n<p>La regione offre stazioni sciistiche di prima classe, campi da golf e hotel benessere come il Badrutt&#8217;s Palace. Anche i sentieri escursionistici e la vela sul lago di St. Moritz sono tra le attivit\u00e0 principali. Sia d&#8217;estate che d&#8217;inverno, la localit\u00e0 ispira con un&#8217;infinita gamma di attivit\u00e0 all&#8217;aperto e di attrazioni culturali. La natura offre infinite possibilit\u00e0, mentre le strutture di prima classe completano il lusso. Dalle escursioni in montagna agli eventi esclusivi: natura e stile di vita si fondono qui per creare un&#8217;esperienza unica.    <\/p>\n<\/div>\n\n\n        <\/div>\n    <\/div>\n<\/div>\n\n\n<div class=\"dhsv-akkordeon--item\" aria-expanded=\"false\">\n    <button class=\"item-header\">\n        <div class=\"icon-title\">\n                            <div class=\"icon\">\n                    <svg class=\"dhsv-icon\" width=\"35\" height=\"35\" viewBox=\"0 0 35 35\" fill=\"none\" xmlns=\"http:\/\/www.w3.org\/2000\/svg\">\n<path d=\"M1.07422 34H33.5004\" stroke=\"var(--icon-base)\" stroke-width=\"2\" stroke-miterlimit=\"10\" stroke-linecap=\"round\" stroke-linejoin=\"round\"\/>\n<path d=\"M17.2829 15.0394C9.69453 15.0394 3.54297 21.191 3.54297 28.7793H31.0228C31.0228 21.191 24.8712 15.0394 17.2829 15.0394Z\" stroke=\"var(--icon-base)\" stroke-width=\"2\" stroke-miterlimit=\"10\" stroke-linecap=\"round\" stroke-linejoin=\"round\"\/>\n<path d=\"M17.2891 12.2913V15.0393\" stroke=\"var(--icon-base)\" stroke-width=\"2\" stroke-miterlimit=\"10\" stroke-linecap=\"round\" stroke-linejoin=\"round\"\/>\n<path d=\"M7.66888 1.574C5.90179 3.34109 5.82973 5.23087 7.66888 7.06996C9.43597 8.83705 9.50804 10.7268 7.66888 12.5659\" stroke=\"var(--icon-base)\" stroke-width=\"2\" stroke-miterlimit=\"10\" stroke-linecap=\"round\" stroke-linejoin=\"round\"\/>\n<path d=\"M26.9033 1.57424C25.1362 3.34133 25.0641 5.23112 26.9033 7.0702C28.6703 8.83729 28.7424 10.7271 26.9033 12.5662\" stroke=\"var(--icon-base)\" stroke-width=\"2\" stroke-miterlimit=\"10\" stroke-linecap=\"round\" stroke-linejoin=\"round\"\/>\n<\/svg>                <\/div>\n                        <p>Ristoranti<\/p>\n        <\/div>\n        <div class=\"akkordeon-arrow\">\n            <svg class=\"dhsv-icon\" width=\"11\" height=\"20\" viewBox=\"0 0 11 20\" fill=\"none\" xmlns=\"http:\/\/www.w3.org\/2000\/svg\">\n<g id=\"Arrow default\">\n<path id=\"Vector 7\" d=\"M1 1L9.81633 9.62041L1 18.6327\" stroke=\"var(--icon-base, #575757)\" stroke-width=\"1.25\" stroke-linecap=\"round\" stroke-linejoin=\"round\"\/>\n<\/g>\n<\/svg>        <\/div>\n    <\/button>\n    <div class=\"dhsv-akkordeon--item__body \" style=\"height: 0\">\n        <div>\n            \n\n<div class=\"wp-block-group is-layout-constrained wp-block-group-is-layout-constrained\">\n<p>Punti di forza gastronomici come il ristorante Da Vittorio e i premiati ristoranti dell&#8217;Hotel Kulm sottolineano l&#8217;esclusivit\u00e0 della regione. Il villaggio \u00e8 una mecca per i buongustai che cercano una variet\u00e0 di piatti di prima classe. I ristoranti della regione stabiliscono standard di qualit\u00e0 e creativit\u00e0 e i loro piatti riflettono sia la tradizione che il lusso moderno. Che si tratti di specialit\u00e0 alpine o di prelibatezze internazionali, le esperienze culinarie qui sono impareggiabili.   <\/p>\n<\/div>\n\n\n        <\/div>\n    <\/div>\n<\/div>\n\n\n<div class=\"dhsv-akkordeon--item\" aria-expanded=\"false\">\n    <button class=\"item-header\">\n        <div class=\"icon-title\">\n                            <div class=\"icon\">\n                    <svg class=\"dhsv-icon\" width=\"34\" height=\"34\" viewBox=\"0 0 34 34\" fill=\"none\" xmlns=\"http:\/\/www.w3.org\/2000\/svg\">\n<path d=\"M24.392 21.9377C20.309 26.0208 13.6891 26.0208 9.60602 21.9377L7.75781 12.6964L13.3026 14.5447L16.999 8.99995L20.6956 14.5447L26.2403 12.6964L24.392 21.9377Z\" stroke=\"var(--icon-base)\" stroke-width=\"2\" stroke-miterlimit=\"10\" stroke-linecap=\"round\" stroke-linejoin=\"round\"\/>\n<path d=\"M33 17C33 25.8365 25.8365 33 17 33C8.16346 33 1 25.8365 1 17C1 8.16346 8.16346 1 17 1C25.8365 1 33 8.16346 33 17Z\" stroke=\"var(--icon-base)\" stroke-width=\"2\" stroke-miterlimit=\"10\" stroke-linecap=\"round\" stroke-linejoin=\"round\"\/>\n<\/svg>                <\/div>\n                        <p>Luoghi topici<\/p>\n        <\/div>\n        <div class=\"akkordeon-arrow\">\n            <svg class=\"dhsv-icon\" width=\"11\" height=\"20\" viewBox=\"0 0 11 20\" fill=\"none\" xmlns=\"http:\/\/www.w3.org\/2000\/svg\">\n<g id=\"Arrow default\">\n<path id=\"Vector 7\" d=\"M1 1L9.81633 9.62041L1 18.6327\" stroke=\"var(--icon-base, #575757)\" stroke-width=\"1.25\" stroke-linecap=\"round\" stroke-linejoin=\"round\"\/>\n<\/g>\n<\/svg>        <\/div>\n    <\/button>\n    <div class=\"dhsv-akkordeon--item__body \" style=\"height: 0\">\n        <div>\n            \n\n<div class=\"wp-block-group is-layout-constrained wp-block-group-is-layout-constrained\">\n<p>Le zone residenziali pi\u00f9 popolari, come Suvretta e Via Tinus, offrono propriet\u00e0 di prima classe. Qui puoi acquistare una villa o uno chalet in una posizione panoramica unica. Le propriet\u00e0 pi\u00f9 esclusive della zona combinano l&#8217;architettura moderna con il tradizionale fascino alpino. Queste location non solo offrono una vista impareggiabile, ma anche la massima privacy ed eleganza. Sono la scelta perfetta per chi cerca il meglio del lusso e del comfort.    <\/p>\n<\/div>\n\n\n        <\/div>\n    <\/div>\n<\/div>\n\n\n<div class=\"dhsv-akkordeon--item\" aria-expanded=\"false\">\n    <button class=\"item-header\">\n        <div class=\"icon-title\">\n                            <div class=\"icon\">\n                    <svg class=\"dhsv-icon\" width=\"32\" height=\"32\" viewBox=\"0 0 32 32\" fill=\"none\" xmlns=\"http:\/\/www.w3.org\/2000\/svg\">\n<g clip-path=\"url(#clip0_266_1723)\">\n<path d=\"M3.70812 1.25H28.2919C29.6495 1.25 30.75 2.3505 30.75 3.70813V23.3752C30.75 24.7328 29.6495 25.8333 28.2919 25.8333H20.9166L16 30.75L11.0833 25.8333H3.70812C2.3505 25.8333 1.25 24.7328 1.25 23.3752V3.70813C1.25 2.3505 2.3505 1.25 3.70812 1.25Z\" stroke=\"var(--icon-base)\" stroke-width=\"2\" stroke-miterlimit=\"10\" stroke-linecap=\"round\" stroke-linejoin=\"round\"\/>\n<path d=\"M16 6.16699V7.41699\" stroke=\"var(--icon-base)\" stroke-width=\"2\" stroke-miterlimit=\"10\" stroke-linecap=\"round\" stroke-linejoin=\"round\"\/>\n<path d=\"M13.543 11.0836H16.0013V20.917\" stroke=\"var(--icon-base)\" stroke-width=\"2\" stroke-miterlimit=\"10\" stroke-linecap=\"round\" stroke-linejoin=\"round\"\/>\n<path d=\"M18.4597 20.917H13.543\" stroke=\"var(--icon-base)\" stroke-width=\"2\" stroke-miterlimit=\"10\" stroke-linecap=\"round\" stroke-linejoin=\"round\"\/>\n<\/g>\n<defs>\n<clipPath id=\"clip0_266_1723\">\n<rect width=\"32\" height=\"32\" fill=\"white\"\/>\n<\/clipPath>\n<\/defs>\n<\/svg>                <\/div>\n                        <p>Ulteriori informazioni<\/p>\n        <\/div>\n        <div class=\"akkordeon-arrow\">\n            <svg class=\"dhsv-icon\" width=\"11\" height=\"20\" viewBox=\"0 0 11 20\" fill=\"none\" xmlns=\"http:\/\/www.w3.org\/2000\/svg\">\n<g id=\"Arrow default\">\n<path id=\"Vector 7\" d=\"M1 1L9.81633 9.62041L1 18.6327\" stroke=\"var(--icon-base, #575757)\" stroke-width=\"1.25\" stroke-linecap=\"round\" stroke-linejoin=\"round\"\/>\n<\/g>\n<\/svg>        <\/div>\n    <\/button>\n    <div class=\"dhsv-akkordeon--item__body \" style=\"height: 0\">\n        <div>\n            \n\n<div class=\"wp-block-group is-layout-constrained wp-block-group-is-layout-constrained\">\n<p class=\"has-petrol-color has-text-color has-link-color wp-elements-c4a83f9b614a22e4fcc56d18286e7c4d\"><a href=\"https:\/\/www.stmoritz.ch\" target=\"_blank\" rel=\"noopener\">www.stmoritz.ch<\/a><\/p>\n<\/div>\n\n\n        <\/div>\n    <\/div>\n<\/div>\n\n\n       <\/div>\n    <\/div>\n<\/div>\n<\/div>\n<\/div>\n<\/div>\n\n<h2 class=\"wp-block-heading alignwide\">La nostra propriet\u00e0 offre<\/h2>\n<div class=\"alignwide dhsv-object-block-wrapper \">\n    <div data-component=\"ObjectFilterBlock\" data-props=\"{&quot;align&quot;:&quot;wide&quot;,&quot;title&quot;:&quot;&quot;,&quot;hideHeader&quot;:false,&quot;smallFilter&quot;:false,&quot;hideFilter&quot;:false,&quot;isSlider&quot;:false,&quot;filter&quot;:[],&quot;modalId&quot;:[],&quot;useUrlFilter&quot;:true,&quot;hideViewSwitch&quot;:false,&quot;hideSort&quot;:false,&quot;showTeaser&quot;:false,&quot;teaserTitle&quot;:&quot;&quot;,&quot;teaserText&quot;:&quot;&quot;,&quot;teaserLink&quot;:&quot;&quot;,&quot;teaserLinkLabel&quot;:&quot;&quot;,&quot;teaserPosition&quot;:4,&quot;teaserIcon&quot;:&quot;&quot;,&quot;showMap&quot;:true,&quot;estateBoxBackground&quot;:&quot;white&quot;,&quot;useSearchProfileLabel&quot;:false,&quot;hideVermarktungsartSwitch&quot;:false}\">\n       <div class=\"placeholder placeholder-filter\" style=\"padding-inline: 1rem;\">\n                            <div class=\"placeholder-filterbar\">\n                                            <div class=\"placeholder-filterbar-item\"><\/div>\n                                            <div class=\"placeholder-filterbar-item\"><\/div>\n                                            <div class=\"placeholder-filterbar-item\"><\/div>\n                                            <div class=\"placeholder-filterbar-item\"><\/div>\n                                            <div class=\"placeholder-filterbar-item\"><\/div>\n                                            <div class=\"placeholder-filterbar-item\"><\/div>\n                                    <\/div>\n                        <div class=\"placeholder-items\">\n                                    <a href=\"\/immobilien\/einfamilienhaus-in-aeugst-am-albis-wohnen-mit-aussicht-und-viel-raum-42067\/\" class=\"placeholder-item php\">\n                        <span class=\"image\"><\/span>\n                        <span class=\"meta\">\n                            HH220\n                        <\/span>\n                        <span class=\"title\">Einfamilienhaus in Aeugst am Albis: wohnen mit Aussicht und viel Raum<\/span>\n                    <\/a>\n                                    <a href=\"\/immobilien\/exklusives-panoramapenthouse-mit-seeblick-in-ascona-45891\/\" class=\"placeholder-item php\">\n                        <span class=\"image\"><\/span>\n                        <span class=\"meta\">\n                            BK375\n                        <\/span>\n                        <span class=\"title\">Exklusives Panoramapenthouse mit Seeblick in Ascona<\/span>\n                    <\/a>\n                                    <a href=\"\/immobilien\/luxus-duplex-mit-garten-und-aussicht-in-ascona-46839\/\" class=\"placeholder-item php\">\n                        <span class=\"image\"><\/span>\n                        <span class=\"meta\">\n                            HX427\n                        <\/span>\n                        <span class=\"title\">Luxus-Duplex mit Garten und Aussicht in Ascona<\/span>\n                    <\/a>\n                                    <a href=\"\/immobilien\/bauernhaus-mit-viel-potenzial-41819\/\" class=\"placeholder-item php\">\n                        <span class=\"image\"><\/span>\n                        <span class=\"meta\">\n                            DY896\n                        <\/span>\n                        <span class=\"title\">Bauernhaus mit viel Potenzial<\/span>\n                    <\/a>\n                                    <a href=\"\/immobilien\/sudhanglage-in-bassersdorf-haus-mit-traumhaftem-blick-in-die-berge-43451\/\" class=\"placeholder-item php\">\n                        <span class=\"image\"><\/span>\n                        <span class=\"meta\">\n                            PF130\n                        <\/span>\n                        <span class=\"title\">S\u00fcdhanglage in Bassersdorf: Haus mit traumhaftem Blick in die Berge<\/span>\n                    <\/a>\n                                    <a href=\"\/immobilien\/ein-juwel-mit-geschichte-und-zukunft-42183\/\" class=\"placeholder-item php\">\n                        <span class=\"image\"><\/span>\n                        <span class=\"meta\">\n                            LE920\n                        <\/span>\n                        <span class=\"title\">Ein Juwel mit Geschichte und Zukunft<\/span>\n                    <\/a>\n                                    <a href=\"\/immobilien\/bonaduz-helle-4-5-zimmer-wohnung-mit-balkon-und-bergsicht-40763\/\" class=\"placeholder-item php\">\n                        <span class=\"image\"><\/span>\n                        <span class=\"meta\">\n                            UQ530\n                        <\/span>\n                        <span class=\"title\">Bonaduz: helle 4.5-Zimmer-Wohnung mit Balkon und Bergsicht<\/span>\n                    <\/a>\n                                    <a href=\"\/immobilien\/wohnen-zwischen-stadt-und-bergen-ihr-neues-zuhause-in-bonaduz-40979\/\" class=\"placeholder-item php\">\n                        <span class=\"image\"><\/span>\n                        <span class=\"meta\">\n                            FD360\n                        <\/span>\n                        <span class=\"title\">Wohnen zwischen Stadt und Bergen \u2013 Ihr neues Zuhause in Bonaduz<\/span>\n                    <\/a>\n                                    <a href=\"\/immobilien\/stilvolles-wohnen-eine-seltene-gelegenheit-41639\/\" class=\"placeholder-item php\">\n                        <span class=\"image\"><\/span>\n                        <span class=\"meta\">\n                            MM646\n                        <\/span>\n                        <span class=\"title\">Stilvolles Wohnen &#8211; eine seltene Gelegenheit<\/span>\n                    <\/a>\n                            <\/div>\n                            <div class=\"placeholder-pagination\">\n                                        <a href=\"https:\/\/www.ginesta.ch\/it-ch\/wp-json\/wp\/v2\/kaufen\/73619\/page\/2\/\" class=\"nav-button next\">\n                        2\n                    <\/a>\n                <\/div>\n                    <\/div>    \n    <\/div>\n<\/div>\n\n\n<div style=\"height:var(--wp--preset--spacing--medium)\" aria-hidden=\"true\" class=\"wp-block-spacer\"><\/div>\n\n<div style=\"height:10rem\" aria-hidden=\"true\" class=\"wp-block-spacer\"><\/div>\n\n<div class=\"wp-block-group alignfull is-style-without-space has-light-gray-gradient-background has-background is-offset-negative is-layout-constrained wp-block-group-is-layout-constrained\" style=\"--_group-offset:-13rem\">\n<div class=\"wp-block-columns is-layout-flex wp-container-core-columns-is-layout-9d6595d7 wp-block-columns-is-layout-flex\">\n<div class=\"wp-block-column is-layout-flow wp-block-column-is-layout-flow\">\n<h2 class=\"wp-block-heading\">I nostri agenti immobiliari<\/h2>\n\n\n\n<p class=\"has-text-intro-font-size\">I tuoi esperti in loco<\/p>\n\n\n<div class=\"alignnone contact-persons-block\">\n    <div data-component=\"ContactPersons\" data-props=\"{\n    &quot;type&quot;: &quot;slider-on-mobile&quot;,\n    &quot;manuallyData&quot;: [\n        5217,\n        5200,\n        5208\n    ],\n    &quot;standort&quot;: [\n        6251\n    ],\n    &quot;align&quot;: &quot;none&quot;,\n    &quot;teaserType&quot;: &quot;default&quot;,\n    &quot;gridCount&quot;: 3,\n    &quot;isManually&quot;: false,\n    &quot;exclude&quot;: [],\n    &quot;abteilungen&quot;: [],\n    &quot;compactMobileCard&quot;: false,\n    &quot;persons&quot;: [\n        {\n            &quot;id&quot;: 73802,\n            &quot;title&quot;: &quot;Alessandra Laffranchi&quot;,\n            &quot;text&quot;: &quot;&quot;,\n            &quot;category&quot;: &quot;&quot;,\n            &quot;tag&quot;: &quot;&quot;,\n            &quot;date&quot;: &quot;29.03.2022&quot;,\n            &quot;link&quot;: {\n                &quot;url&quot;: &quot;https:\\\/\\\/www.ginesta.ch\\\/it-ch\\\/team\\\/marketing-it-ch\\\/alessandra-laffranchi\\\/&quot;\n            },\n            &quot;acf&quot;: {\n                &quot;phone_number&quot;: &quot;081 836 73 32&quot;,\n                &quot;phone_number_international&quot;: &quot;+41 81 836 73 32&quot;,\n                &quot;enable_single_page&quot;: false,\n                &quot;gewichtung&quot;: &quot;0&quot;,\n                &quot;e-mail_team&quot;: &quot;graubuenden@ginesta.ch&quot;,\n                &quot;email_address&quot;: &quot;laffranchi@ginesta.ch&quot;,\n                &quot;nachname&quot;: &quot;Laffranchi&quot;,\n                &quot;socials&quot;: false,\n                &quot;vorname&quot;: &quot;Alessandra&quot;,\n                &quot;move_to_front&quot;: false,\n                &quot;job_title&quot;: &quot;\\u003Cp\\u003EConsulente immobiliare St. Moritz\\u003C\\\/p\\u003E\\n&quot;,\n                &quot;quote&quot;: &quot;&quot;,\n                &quot;graduation&quot;: &quot;&quot;,\n                &quot;languages&quot;: &quot;&quot;,\n                &quot;location&quot;: [\n                    15711\n                ],\n                &quot;ausbildung&quot;: &quot;Commerciante di immobili con FA federale &quot;\n            },\n            &quot;posttype&quot;: &quot;kontaktpersonen&quot;,\n            &quot;image&quot;: {\n                &quot;id&quot;: 5054,\n                &quot;caption&quot;: &quot;Team Alessandra Laffranchi Vermarktung St. Moritz Vermarkterin&quot;,\n                &quot;description&quot;: &quot;Team Alessandra Laffranchi Vermarktung St. Moritz Vermarkterin&quot;,\n                &quot;title&quot;: &quot;AL&quot;,\n                &quot;url&quot;: &quot;https:\\\/\\\/www.ginesta.ch\\\/wp-content\\\/uploads\\\/AL-e1761657638877.jpg&quot;,\n                &quot;width&quot;: 1920,\n                &quot;height&quot;: 1412,\n                &quot;srcset&quot;: &quot;https:\\\/\\\/www.ginesta.ch\\\/wp-content\\\/uploads\\\/AL-768x565.jpg 768w, https:\\\/\\\/www.ginesta.ch\\\/wp-content\\\/uploads\\\/AL-1536x1130.jpg 1536w, https:\\\/\\\/www.ginesta.ch\\\/wp-content\\\/uploads\\\/AL-1600x1177.jpg 1600w&quot;,\n                &quot;sizes&quot;: &quot;(max-width:768px) 768px, (max-width:1536px) 1536px, (max-width:1600px) 1600px&quot;,\n                &quot;type&quot;: &quot;image\\\/jpeg&quot;\n            }\n        },\n        {\n            &quot;id&quot;: 73829,\n            &quot;title&quot;: &quot;Franco Giovanoli&quot;,\n            &quot;text&quot;: &quot;Per la gestione dell&amp;#8217;ufficio di St. Moritz, abbiamo la persona migliore per questo lavoro a livello locale, perch\\u00e9 essendo nativo di St. Moritz, non solo ha una conoscenza locale imbattibile, ma anche il necessario colore locale e un&amp;#8217;ampia rete regionale, nazionale e internazionale. Il suo ritorno al mondo immobiliare completa un cerchio iniziato con la &amp;hellip; Leggi tutto&quot;,\n            &quot;category&quot;: &quot;&quot;,\n            &quot;tag&quot;: &quot;&quot;,\n            &quot;date&quot;: &quot;28.03.2024&quot;,\n            &quot;link&quot;: {\n                &quot;url&quot;: &quot;https:\\\/\\\/www.ginesta.ch\\\/it-ch\\\/team\\\/marketing-it-ch\\\/franco-giovanoli\\\/&quot;\n            },\n            &quot;acf&quot;: {\n                &quot;phone_number&quot;: &quot;081 836 73 33&quot;,\n                &quot;phone_number_international&quot;: &quot;+41 81 836 73 33&quot;,\n                &quot;enable_single_page&quot;: true,\n                &quot;e-mail_team&quot;: &quot;graubuenden@ginesta.ch&quot;,\n                &quot;email_address&quot;: &quot;giovanoli@ginesta.ch&quot;,\n                &quot;nachname&quot;: &quot;Giovanoli&quot;,\n                &quot;socials&quot;: false,\n                &quot;vorname&quot;: &quot;Franco&quot;,\n                &quot;move_to_front&quot;: false,\n                &quot;gewichtung&quot;: &quot;0&quot;,\n                &quot;ausbildung&quot;: &quot;&quot;,\n                &quot;quote&quot;: &quot;&quot;,\n                &quot;graduation&quot;: &quot;&quot;,\n                &quot;languages&quot;: &quot;&quot;,\n                &quot;job_title&quot;: &quot;\\u003Cp\\u003EResponsabile Marketing St. Moritz\\u003C\\\/p\\u003E\\n&quot;,\n                &quot;location&quot;: [\n                    15711\n                ]\n            },\n            &quot;posttype&quot;: &quot;kontaktpersonen&quot;,\n            &quot;image&quot;: {\n                &quot;id&quot;: 5002,\n                &quot;title&quot;: &quot;webseite-franco&quot;,\n                &quot;url&quot;: &quot;https:\\\/\\\/www.ginesta.ch\\\/wp-content\\\/uploads\\\/webseite-franco.png&quot;,\n                &quot;width&quot;: 1619,\n                &quot;height&quot;: 1076,\n                &quot;srcset&quot;: &quot;https:\\\/\\\/www.ginesta.ch\\\/wp-content\\\/uploads\\\/webseite-franco-768x510.png 768w, https:\\\/\\\/www.ginesta.ch\\\/wp-content\\\/uploads\\\/webseite-franco-1536x1021.png 1536w, https:\\\/\\\/www.ginesta.ch\\\/wp-content\\\/uploads\\\/webseite-franco-1600x1063.png 1600w&quot;,\n                &quot;sizes&quot;: &quot;(max-width:768px) 768px, (max-width:1536px) 1536px, (max-width:1600px) 1600px&quot;,\n                &quot;type&quot;: &quot;image\\\/png&quot;\n            }\n        },\n        {\n            &quot;id&quot;: 73807,\n            &quot;title&quot;: &quot;Patrizia Kreis&quot;,\n            &quot;text&quot;: &quot;&quot;,\n            &quot;category&quot;: &quot;&quot;,\n            &quot;tag&quot;: &quot;&quot;,\n            &quot;date&quot;: &quot;15.08.2022&quot;,\n            &quot;link&quot;: {\n                &quot;url&quot;: &quot;https:\\\/\\\/www.ginesta.ch\\\/it-ch\\\/team\\\/marketing-it-ch\\\/patrizia-kreis\\\/&quot;\n            },\n            &quot;acf&quot;: {\n                &quot;phone_number&quot;: &quot;081 836 73 34&quot;,\n                &quot;phone_number_international&quot;: &quot;+41 81 836 73 34&quot;,\n                &quot;enable_single_page&quot;: false,\n                &quot;e-mail_team&quot;: &quot;graubuenden@ginesta.ch&quot;,\n                &quot;email_address&quot;: &quot;kreis@ginesta.ch&quot;,\n                &quot;nachname&quot;: &quot;Kreis&quot;,\n                &quot;socials&quot;: false,\n                &quot;vorname&quot;: &quot;Patrizia&quot;,\n                &quot;move_to_front&quot;: false,\n                &quot;gewichtung&quot;: &quot;0&quot;,\n                &quot;ausbildung&quot;: &quot;&quot;,\n                &quot;graduation&quot;: &quot;&quot;,\n                &quot;languages&quot;: &quot;&quot;,\n                &quot;job_title&quot;: &quot;\\u003Cp\\u003EConsulente immobiliare St. Moritz\\u003C\\\/p\\u003E\\n&quot;,\n                &quot;location&quot;: [\n                    15711\n                ],\n                &quot;quote&quot;: &quot;La particolarit\\u00e0 di Ginesta per me \\u00e8 lo straordinario apprezzamento che si prova. Con questa fiducia alle spalle e il relativo sorriso sulle labbra, \\u00e8 facile dare il meglio di s\\u00e9. &quot;\n            },\n            &quot;posttype&quot;: &quot;kontaktpersonen&quot;,\n            &quot;image&quot;: {\n                &quot;id&quot;: 5066,\n                &quot;caption&quot;: &quot;Team Patrizia Kreis Vermarktung St. Moritz Vermarkterin&quot;,\n                &quot;description&quot;: &quot;Team Patrizia Kreis Vermarktung St. Moritz Vermarkterin&quot;,\n                &quot;title&quot;: &quot;neuneu_patrizia&quot;,\n                &quot;url&quot;: &quot;https:\\\/\\\/www.ginesta.ch\\\/wp-content\\\/uploads\\\/neuneu_patrizia.jpg&quot;,\n                &quot;width&quot;: 1920,\n                &quot;height&quot;: 1333,\n                &quot;srcset&quot;: &quot;https:\\\/\\\/www.ginesta.ch\\\/wp-content\\\/uploads\\\/neuneu_patrizia-768x533.jpg 768w, https:\\\/\\\/www.ginesta.ch\\\/wp-content\\\/uploads\\\/neuneu_patrizia-1536x1066.jpg 1536w, https:\\\/\\\/www.ginesta.ch\\\/wp-content\\\/uploads\\\/neuneu_patrizia-1600x1111.jpg 1600w&quot;,\n                &quot;sizes&quot;: &quot;(max-width:768px) 768px, (max-width:1536px) 1536px, (max-width:1600px) 1600px&quot;,\n                &quot;type&quot;: &quot;image\\\/jpeg&quot;\n            }\n        }\n    ]\n}\"><\/div>\n<\/div>\n\n\n\n<div style=\"height:var(--wp--preset--spacing--medium)\" aria-hidden=\"true\" class=\"wp-block-spacer\"><\/div>\n\n\n<div data-component=\"MapBlock\" data-props=\"{\n    &quot;mapData&quot;: [\n        {\n            &quot;title&quot;: &quot;&quot;,\n            &quot;lat&quot;: &quot;46.49894609892536&quot;,\n            &quot;lon&quot;: &quot;9.846557958342744&quot;,\n            &quot;address&quot;: &quot;Via Serlas, Sankt Moritz Bad, Sankt Moritz, Maloja, Graub\\u00fcnden, 7500, Schweiz&quot;\n        }\n    ],\n    &quot;align&quot;: &quot;none&quot;,\n    &quot;showDetailsView&quot;: false,\n    &quot;mapType&quot;: &quot;manually&quot;,\n    &quot;zoom&quot;: 14\n}\"><\/div>\n<\/div>\n<\/div>\n<\/div>\n\n<div style=\"height:var(--wp--preset--spacing--large)\" aria-hidden=\"true\" class=\"wp-block-spacer\"><\/div>\n","protected":false},"excerpt":{"rendered":"<p>St Moritz: acquista una villa nella perfezione alpina Tutto ci\u00f2 di cui hai bisogno per la vita di tutti i giorni. La nostra propriet\u00e0 offre I nostri agenti immobiliari I tuoi esperti in loco<\/p>\n","protected":false},"featured_media":0,"template":"","class_list":["post-73619","kaufen","type-kaufen","status-publish","hentry"],"acf":[],"featured_image_data":null,"_links":{"self":[{"href":"https:\/\/www.ginesta.ch\/it-ch\/wp-json\/wp\/v2\/kaufen\/73619","targetHints":{"allow":["GET"]}}],"collection":[{"href":"https:\/\/www.ginesta.ch\/it-ch\/wp-json\/wp\/v2\/kaufen"}],"about":[{"href":"https:\/\/www.ginesta.ch\/it-ch\/wp-json\/wp\/v2\/types\/kaufen"}],"version-history":[{"count":1,"href":"https:\/\/www.ginesta.ch\/it-ch\/wp-json\/wp\/v2\/kaufen\/73619\/revisions"}],"predecessor-version":[{"id":73620,"href":"https:\/\/www.ginesta.ch\/it-ch\/wp-json\/wp\/v2\/kaufen\/73619\/revisions\/73620"}],"wp:attachment":[{"href":"https:\/\/www.ginesta.ch\/it-ch\/wp-json\/wp\/v2\/media?parent=73619"}],"curies":[{"name":"wp","href":"https:\/\/api.w.org\/{rel}","templated":true}]}}